{"id":2961,"date":"2026-03-12T12:17:04","date_gmt":"2026-03-12T11:17:04","guid":{"rendered":"https:\/\/centrologopeda.com\/?page_id=2961"},"modified":"2026-03-12T13:29:40","modified_gmt":"2026-03-12T12:29:40","slug":"frenillo-lingual-alterado-3","status":"publish","type":"page","link":"https:\/\/centrologopeda.com\/en\/frenillo-lingual-alterado-3\/","title":{"rendered":"Altered Lingual Frenulum"},"content":{"rendered":"<p><img decoding=\"async\" src=\"\/wp-content\/uploads\/2026\/03\/Frenillo-Lingual-Alterado-1.png\" alt=\"Frenillo Lingual \"><\/p>\n<h1>\n<p style=\"text-align: center;\">Frenillo Lingual Alterado<\/p>\n<\/h1>\n<div>\n<p align=\"center\" style=\"margin: 0cm; text-align: center; background: white;\">El frenillo lingual alterado es una condici\u00f3n en la que la membrana que une la<br \/>lengua con el suelo de la boca es demasiado corta, r\u00edgida o mal posicionada,<br \/>limitando los movimientos de la lengua.<br \/>Esta restricci\u00f3n puede afectar funciones fundamentales como la succi\u00f3n, la<br \/>masticaci\u00f3n, la degluci\u00f3n, la respiraci\u00f3n y el habla.<\/p>\n<\/div>\n<p><img decoding=\"async\" src=\"\/wp-content\/uploads\/2023\/10\/Logopeda-Afasia.png\" alt=\"Logopeda Afasia\"><\/p>\n<h2>\u00bfC\u00f3mo cubrimos esta alteraci\u00f3n?<\/h2>\n<div>\n<h3>Evaluaci\u00f3n inicial<\/h3>\n<div>\n<p>Realizamos una<strong> valoraci\u00f3n especializada<\/strong>, que incluye:<\/p>\n<ul>\n<li>Observaci\u00f3n de la forma y movilidad de la lengua.<\/li>\n<\/ul>\n<ul>\n<li>Evaluaci\u00f3n de la succi\u00f3n, degluci\u00f3n y masticaci\u00f3n.<\/li>\n<\/ul>\n<ul>\n<li>An\u00e1lisis del habla y la articulaci\u00f3n de los sonidos.<\/li>\n<\/ul>\n<ul>\n<li>Revisi\u00f3n de la postura lingual en reposo.<\/li>\n<\/ul>\n<ul>\n<li>Detecci\u00f3n de compensaciones musculares.<\/li>\n<\/ul>\n<p>Esta evaluaci\u00f3n nos permite determinar <strong>el grado de afectaci\u00f3n funcional<\/strong> del frenillo.<\/p>\n<\/div>\n<\/div>\n<hr>\n<div>\n<h3>Preparaci\u00f3n del tratamiento<\/h3>\n<div>\n<p>Seg\u00fan los resultados, se establece un plan de intervenci\u00f3n individualizado, que puede incluir:<\/p>\n<ul>\n<li>Ejercicios para mejorar la movilidad y el control de la lengua.<\/li>\n<\/ul>\n<ul>\n<li>Trabajo de fuerza, elasticidad y coordinaci\u00f3n lingual.<\/li>\n<\/ul>\n<ul>\n<li>Reeducaci\u00f3n de funciones como la degluci\u00f3n y la respiraci\u00f3n.<\/li>\n<\/ul>\n<p>En los casos en los que es necesaria una intervenci\u00f3n quir\u00fargica (frenectom\u00eda), la terapia logop\u00e9dica es clave antes y despu\u00e9s del procedimiento para asegurar resultados \u00f3ptimos.<\/p>\n<\/div>\n<\/div>\n<hr>\n<div>\n<h3>Sesiones terap\u00e9uticas<\/h3>\n<div>\n<p>Durante las sesiones se trabajan:<\/p>\n<ul>\n<li>Ejercicios de <strong>estiramiento y movilidad lingual.<\/strong><\/li>\n<\/ul>\n<ul>\n<li>Reeducaci\u00f3n de los <strong>patrones de succi\u00f3n, masticaci\u00f3n y degluci\u00f3n.<\/strong><\/li>\n<\/ul>\n<ul>\n<li>Mejora de la <strong>articulaci\u00f3n del habla.<\/strong><\/li>\n<\/ul>\n<ul>\n<li>Control y coordinaci\u00f3n de la musculatura orofacial.<\/li>\n<\/ul>\n<p>Todo el proceso se adapta a la edad del paciente, ya sea beb\u00e9, ni\u00f1o o adulto.<\/p>\n<\/div>\n<\/div>\n<hr>\n<div>\n<h3>Trabajo en casa<\/h3>\n<div>\n<p>Se pautan ejercicios sencillos para realizar en casa, fundamentales para mantener y consolidar los avances logrados en consulta.<\/p>\n<p>La constancia es clave para lograr una <strong>lengua funcional y estable.<\/strong><\/p>\n<\/div>\n<\/div>\n<hr>\n<div>\n<h3>Seguimiento y coordinaci\u00f3n <\/h3>\n<div>\n<p>Se realiza un seguimiento continuo de la evoluci\u00f3n.<br \/>Cuando es necesario, trabajamos de forma coordinada con <strong>odont\u00f3logos, pediatras u otros especialistas<\/strong>, garantizando un abordaje completo y eficaz.<\/p>\n<\/div>\n<\/div>\n<p><p>\n        <a href=\"https:\/\/centrologopeda.com\/\">\u00a1Trata esta alteraci\u00f3n ya!<\/a>\n    <\/p>\n<\/p>\n<h3>\u00bfTienes alguna duda?<\/h3>\n<div>\n<p>Si a\u00fan estas indeciso o tienes alguna duda, no dudes en escribirme.<\/p>\n<\/div>\n<p><p>\n        <a href=\"\/index.php?page_id=8\">Cont\u00e1ctame<\/a>\n    <\/p>\n<\/p>\n<p><!--more--><br \/>\n<!-- {\"type\":\"layout\",\"children\":[{\"type\":\"section\",\"props\":{\"image_position\":\"center-center\",\"padding_bottom\":\"none\",\"style\":\"default\",\"title_breakpoint\":\"xl\",\"title_position\":\"top-left\",\"title_rotation\":\"left\",\"vertical_align\":\"\",\"width\":\"\"},\"children\":[{\"type\":\"row\",\"props\":{\"layout\":\"1-3,1-3,1-3\",\"margin_bottom\":\"remove\",\"margin_top\":\"remove\",\"row_gap\":\"large\",\"width\":\"expand\"},\"children\":[{\"type\":\"column\",\"props\":{\"image_position\":\"center-center\",\"position_sticky_breakpoint\":\"m\",\"vertical_align\":\"bottom\",\"width_large\":\"expand\"},\"children\":[{\"type\":\"image\",\"props\":{\"image\":\"wp-content\/uploads\/2026\/03\/Frenillo-Lingual-Alterado-1.png\",\"image_alt\":\"Frenillo Lingual \",\"image_svg_color\":\"emphasis\",\"image_width\":\"500\",\"margin_bottom\":\"default\",\"margin_top\":\"default\"}}]},{\"type\":\"column\",\"props\":{\"image_position\":\"center-center\",\"position_sticky_breakpoint\":\"m\",\"vertical_align\":\"middle\",\"width_medium\":\"1-3\"},\"children\":[{\"type\":\"headline\",\"props\":{\"content\":\"\n\n<p style=\\\"text-align: center;\\\">Frenillo Lingual Alterado<\/p>\n\n\",\"image_align\":\"left\",\"image_margin\":\"xsmall\",\"margin_bottom\":\"small\",\"margin_top\":\"small\",\"text_align\":\"center\",\"title_element\":\"h1\"}},{\"type\":\"text\",\"props\":{\"block_align\":\"center\",\"column_breakpoint\":\"m\",\"content\":\"\n\n<p align=\\\"center\\\" style=\\\"margin: 0cm; text-align: center; background: white;\\\">El frenillo lingual alterado es una condici\u00f3n en la que la membrana que une la<br \/>lengua con el suelo de la boca es demasiado corta, r\u00edgida o mal posicionada,<br \/>limitando los movimientos de la lengua.<br \/>Esta restricci\u00f3n puede afectar funciones fundamentales como la succi\u00f3n, la<br \/>masticaci\u00f3n, la degluci\u00f3n, la respiraci\u00f3n y el habla.<\/p>\n\n\",\"margin_bottom\":\"default\",\"margin_top\":\"default\",\"maxwidth\":\"xlarge\",\"text_align\":\"center\",\"text_style\":\"large\"}}]},{\"type\":\"column\",\"props\":{\"image_position\":\"center-center\",\"position_sticky_breakpoint\":\"m\",\"vertical_align\":\"bottom\",\"width_medium\":\"1-3\"},\"children\":[{\"type\":\"image\",\"props\":{\"image\":\"wp-content\/uploads\/2023\/10\/Logopeda-Afasia.png\",\"image_alt\":\"Logopeda Afasia\",\"image_loading\":true,\"image_svg_color\":\"emphasis\",\"image_width\":\"500\",\"margin_bottom\":\"remove\",\"margin_top\":\"remove\",\"text_align\":\"left\",\"visibility\":\"l\"}}]}]}],\"name\":\"Inicio\"},{\"type\":\"section\",\"props\":{\"image_position\":\"center-center\",\"padding_bottom\":\"large\",\"padding_top\":\"large\",\"style\":\"default\",\"title_breakpoint\":\"xl\",\"title_position\":\"top-left\",\"title_rotation\":\"left\",\"vertical_align\":\"\",\"width\":\"default\"},\"children\":[{\"type\":\"row\",\"children\":[{\"type\":\"column\",\"props\":{\"image_position\":\"center-center\",\"position_sticky_breakpoint\":\"m\"},\"children\":[{\"type\":\"headline\",\"props\":{\"content\":\"\u00bfC\u00f3mo cubrimos esta alteraci\u00f3n?\",\"image_align\":\"left\",\"image_margin\":\"xsmall\",\"text_align\":\"center\",\"title_element\":\"h2\",\"title_style\":\"h2\"}}]}]},{\"type\":\"row\",\"props\":{\"column_gap\":\"large\",\"layout\":\"3-4,1-4\",\"row_gap\":\"large\",\"width\":\"large\"},\"children\":[{\"type\":\"column\",\"props\":{\"image_position\":\"center-center\",\"position_sticky_breakpoint\":\"m\",\"width_medium\":\"3-4\"},\"children\":[{\"type\":\"panel\",\"props\":{\"content\":\"\n\n<p>Realizamos una<strong> valoraci\u00f3n especializada<\/strong>, que incluye:<\/p>\n\n\\n\n\n<ul>\\n\n\n<li>Observaci\u00f3n de la forma y movilidad de la lengua.<\/li>\n\n\\n<\/ul>\n\n\\n\n\n\n\n\\n\n\n<ul>\\n\n\n<li>Evaluaci\u00f3n de la succi\u00f3n, degluci\u00f3n y masticaci\u00f3n.<\/li>\n\n\\n<\/ul>\n\n\\n\n\n\n\n\\n\n\n<ul>\\n\n\n<li>An\u00e1lisis del habla y la articulaci\u00f3n de los sonidos.<\/li>\n\n\\n<\/ul>\n\n\\n\n\n\n\n\\n\n\n<ul>\\n\n\n<li>Revisi\u00f3n de la postura lingual en reposo.<\/li>\n\n\\n<\/ul>\n\n\\n\n\n\n\n\\n\n\n<ul>\\n\n\n<li>Detecci\u00f3n de compensaciones musculares.<\/li>\n\n\\n<\/ul>\n\n\\n\n\n<p>Esta evaluaci\u00f3n nos permite determinar <strong>el grado de afectaci\u00f3n funcional<\/strong> del frenillo.<\/p>\n\n\",\"content_column_breakpoint\":\"m\",\"image_align\":\"top\",\"image_grid_breakpoint\":\"m\",\"image_grid_width\":\"1-2\",\"image_svg_color\":\"emphasis\",\"link_style\":\"default\",\"link_text\":\"Read more\",\"margin_bottom\":\"default\",\"margin_top\":\"default\",\"meta_align\":\"below-title\",\"meta_element\":\"div\",\"meta_style\":\"text-meta\",\"position_z_index\":\"1\",\"title\":\"Evaluaci\u00f3n inicial\",\"title_align\":\"left\",\"title_element\":\"h3\",\"title_grid_breakpoint\":\"\",\"title_grid_width\":\"2-5\",\"title_hover_style\":\"reset\",\"title_style\":\"h3\"}},{\"type\":\"divider\",\"props\":{\"divider_element\":\"hr\",\"margin_bottom\":\"large\",\"margin_top\":\"large\"}},{\"type\":\"panel\",\"props\":{\"content\":\"\n\n<p>Seg\u00fan los resultados, se establece un plan de intervenci\u00f3n individualizado, que puede incluir:<\/p>\n\n\\n\n\n<ul>\\n\n\n<li>Ejercicios para mejorar la movilidad y el control de la lengua.<\/li>\n\n\\n<\/ul>\n\n\\n\n\n\n\n\\n\n\n<ul>\\n\n\n<li>Trabajo de fuerza, elasticidad y coordinaci\u00f3n lingual.<\/li>\n\n\\n<\/ul>\n\n\\n\n\n\n\n\\n\n\n<ul>\\n\n\n<li>Reeducaci\u00f3n de funciones como la degluci\u00f3n y la respiraci\u00f3n.<\/li>\n\n\\n<\/ul>\n\n\\n\n\n<p>En los casos en los que es necesaria una intervenci\u00f3n quir\u00fargica (frenectom\u00eda), la terapia logop\u00e9dica es clave antes y despu\u00e9s del procedimiento para asegurar resultados \u00f3ptimos.<\/p>\n\n\",\"content_column_breakpoint\":\"m\",\"image_align\":\"top\",\"image_grid_breakpoint\":\"m\",\"image_grid_width\":\"1-2\",\"image_svg_color\":\"emphasis\",\"link_style\":\"default\",\"link_text\":\"Read more\",\"margin_bottom\":\"default\",\"margin_top\":\"default\",\"meta_align\":\"below-title\",\"meta_element\":\"div\",\"meta_style\":\"text-meta\",\"title\":\"Preparaci\u00f3n del tratamiento\",\"title_align\":\"left\",\"title_element\":\"h3\",\"title_grid_breakpoint\":\"m\",\"title_grid_width\":\"2-5\",\"title_hover_style\":\"reset\",\"title_style\":\"h3\"}},{\"type\":\"divider\",\"props\":{\"divider_element\":\"hr\",\"margin_bottom\":\"large\",\"margin_top\":\"large\"}},{\"type\":\"panel\",\"props\":{\"content\":\"\n\n<p>Durante las sesiones se trabajan:<\/p>\n\n\\n\n\n<ul>\\n\n\n<li>Ejercicios de <strong>estiramiento y movilidad lingual.<\/strong><\/li>\n\n\\n<\/ul>\n\n\\n\n\n\n\n\\n\n\n<ul>\\n\n\n<li>Reeducaci\u00f3n de los <strong>patrones de succi\u00f3n, masticaci\u00f3n y degluci\u00f3n.<\/strong><\/li>\n\n\\n<\/ul>\n\n\\n\n\n\n\n\\n\n\n<ul>\\n\n\n<li>Mejora de la <strong>articulaci\u00f3n del habla.<\/strong><\/li>\n\n\\n<\/ul>\n\n\\n\n\n\n\n\\n\n\n<ul>\\n\n\n<li>Control y coordinaci\u00f3n de la musculatura orofacial.<\/li>\n\n\\n<\/ul>\n\n\\n\n\n<p>Todo el proceso se adapta a la edad del paciente, ya sea beb\u00e9, ni\u00f1o o adulto.<\/p>\n\n\",\"content_column_breakpoint\":\"m\",\"image_align\":\"top\",\"image_grid_breakpoint\":\"m\",\"image_grid_width\":\"1-2\",\"image_svg_color\":\"emphasis\",\"link_style\":\"default\",\"link_text\":\"Read more\",\"margin_bottom\":\"default\",\"margin_top\":\"default\",\"meta_align\":\"below-title\",\"meta_element\":\"div\",\"meta_style\":\"text-meta\",\"title\":\"Sesiones terap\u00e9uticas\",\"title_align\":\"left\",\"title_element\":\"h3\",\"title_grid_breakpoint\":\"m\",\"title_grid_width\":\"2-5\",\"title_hover_style\":\"reset\",\"title_style\":\"h3\"}},{\"type\":\"divider\",\"props\":{\"divider_element\":\"hr\",\"margin_bottom\":\"large\",\"margin_top\":\"large\"}},{\"type\":\"panel\",\"props\":{\"content\":\"\n\n<p>Se pautan ejercicios sencillos para realizar en casa, fundamentales para mantener y consolidar los avances logrados en consulta.<\/p>\n\n\\n\n\n<p>La constancia es clave para lograr una <strong>lengua funcional y estable.<\/strong><\/p>\n\n\",\"content_column_breakpoint\":\"m\",\"image_align\":\"top\",\"image_grid_breakpoint\":\"m\",\"image_grid_width\":\"1-2\",\"image_svg_color\":\"emphasis\",\"link_style\":\"default\",\"link_text\":\"Read more\",\"margin_bottom\":\"default\",\"margin_top\":\"default\",\"meta_align\":\"below-title\",\"meta_element\":\"div\",\"meta_style\":\"text-meta\",\"title\":\"Trabajo en casa\",\"title_align\":\"left\",\"title_element\":\"h3\",\"title_grid_breakpoint\":\"m\",\"title_grid_width\":\"2-5\",\"title_hover_style\":\"reset\",\"title_style\":\"h3\"}},{\"type\":\"divider\",\"props\":{\"divider_element\":\"hr\"}},{\"type\":\"panel\",\"props\":{\"content\":\"\n\n<p>Se realiza un seguimiento continuo de la evoluci\u00f3n.<br \/>Cuando es necesario, trabajamos de forma coordinada con <strong>odont\u00f3logos, pediatras u otros especialistas<\/strong>, garantizando un abordaje completo y eficaz.<\/p>\n\n\",\"content_column_breakpoint\":\"m\",\"image_align\":\"top\",\"image_grid_breakpoint\":\"m\",\"image_grid_width\":\"1-2\",\"image_svg_color\":\"emphasis\",\"link_style\":\"default\",\"link_text\":\"Read more\",\"margin_bottom\":\"default\",\"margin_top\":\"default\",\"meta_align\":\"below-title\",\"meta_element\":\"div\",\"meta_style\":\"text-meta\",\"title\":\"Seguimiento y coordinaci\u00f3n \",\"title_align\":\"top\",\"title_element\":\"h3\",\"title_grid_breakpoint\":\"m\",\"title_grid_width\":\"1-2\",\"title_hover_style\":\"reset\"}}]},{\"type\":\"column\",\"props\":{\"image_position\":\"center-center\",\"position_sticky_breakpoint\":\"m\",\"width_medium\":\"1-4\"}}]}],\"name\":\"Servicios\"},{\"type\":\"section\",\"props\":{\"class\":\"get-date-btn\",\"image_position\":\"center-center\",\"padding_top\":\"none\",\"style\":\"default\",\"title_breakpoint\":\"xl\",\"title_position\":\"top-left\",\"title_rotation\":\"left\",\"vertical_align\":\"\",\"width\":\"default\"},\"children\":[{\"type\":\"row\",\"children\":[{\"type\":\"column\",\"props\":{\"image_position\":\"center-center\",\"position_sticky_breakpoint\":\"m\"},\"children\":[{\"type\":\"button\",\"props\":{\"grid_column_gap\":\"small\",\"grid_row_gap\":\"small\",\"margin_bottom\":\"default\",\"margin_top\":\"default\",\"text_align\":\"center\"},\"children\":[{\"type\":\"button_item\",\"props\":{\"button_style\":\"primary\",\"content\":\"\u00a1Trata esta alteraci\u00f3n ya!\",\"dialog_layout\":\"modal\",\"dialog_offcanvas_flip\":true,\"icon_align\":\"left\",\"link\":\"https:\/\/centrologopeda.com\/\"}}]}]}]}],\"name\":\"CTA\"},{\"type\":\"section\",\"props\":{\"image\":\"wp-content\/uploads\/yootheme\/cta-bg.svg\",\"image_position\":\"center-right\",\"image_size\":\"height-1-1\",\"image_width\":\"800\",\"media_visibility\":\"s\",\"padding_bottom\":\"large\",\"padding_top\":\"large\",\"style\":\"secondary\",\"title_breakpoint\":\"xl\",\"title_position\":\"top-left\",\"title_rotation\":\"left\",\"vertical_align\":\"\",\"width\":\"default\"},\"children\":[{\"type\":\"row\",\"props\":{\"layout\":\"2-3,1-3\",\"width\":\"large\"},\"children\":[{\"type\":\"column\",\"props\":{\"image_position\":\"center-center\",\"position_sticky_breakpoint\":\"m\",\"width_medium\":\"2-3\"},\"children\":[{\"type\":\"headline\",\"props\":{\"content\":\"\u00bfTienes alguna duda?\",\"image_align\":\"left\",\"image_margin\":\"xsmall\",\"maxwidth\":\"large\",\"maxwidth_breakpoint\":\"s\",\"text_align\":\"left\",\"text_align_breakpoint\":\"s\",\"text_align_fallback\":\"center\",\"title_element\":\"h3\",\"title_style\":\"h2\"}},{\"type\":\"text\",\"props\":{\"column_breakpoint\":\"m\",\"content\":\"\n\n<p>Si a\u00fan estas indeciso o tienes alguna duda, no dudes en escribirme.<\/p>\n\n\",\"margin_bottom\":\"default\",\"margin_top\":\"default\",\"maxwidth\":\"large\",\"maxwidth_breakpoint\":\"s\",\"text_align\":\"left\",\"text_align_breakpoint\":\"s\",\"text_align_fallback\":\"center\",\"text_color\":\"emphasis\"}}]},{\"type\":\"column\",\"props\":{\"image_position\":\"center-center\",\"position_sticky_breakpoint\":\"m\",\"vertical_align\":\"middle\",\"width_medium\":\"1-3\"},\"children\":[{\"type\":\"button\",\"props\":{\"grid_column_gap\":\"small\",\"grid_row_gap\":\"small\",\"margin_bottom\":\"default\",\"margin_top\":\"default\"},\"children\":[{\"type\":\"button_item\",\"props\":{\"button_style\":\"default\",\"content\":\"Cont\u00e1ctame\",\"dialog_layout\":\"modal\",\"dialog_offcanvas_flip\":true,\"icon_align\":\"left\",\"link\":\"index.php?page_id=8\"}}]}]}]}],\"name\":\"Cont\u00e1ctame\"}],\"version\":\"5.0.19\"} --><\/p>\n","protected":false},"excerpt":{"rendered":"<p>Frenillo Lingual Alterado El frenillo lingual alterado es una condici\u00f3n en la que la membrana que une lalengua con el suelo de la boca es demasiado corta, r\u00edgida o mal posicionada,limitando los movimientos de la lengua.Esta restricci\u00f3n puede afectar funciones fundamentales como la succi\u00f3n, lamasticaci\u00f3n, la degluci\u00f3n, la respiraci\u00f3n y el habla. \u00bfC\u00f3mo cubrimos esta [&hellip;]<\/p>\n","protected":false},"author":1,"featured_media":1539,"parent":0,"menu_order":0,"comment_status":"open","ping_status":"closed","template":"","meta":{"_acf_changed":false,"_joinchat":[],"footnotes":""},"class_list":["post-2961","page","type-page","status-publish","has-post-thumbnail","hentry"],"acf":[],"yoast_head":"<!-- This site is optimized with the Yoast SEO plugin v26.8 - https:\/\/yoast.com\/product\/yoast-seo-wordpress\/ -->\n<title>Frenillo Lingual Alterado | Logopeda Granada<\/title>\n<meta name=\"description\" content=\"Servicios de apoyo para la afasia en Granada. Ayudamos a mejorar la comunicaci\u00f3n con terapias personalizadas\" \/>\n<meta name=\"robots\" content=\"index, follow, max-snippet:-1, max-image-preview:large, max-video-preview:-1\" \/>\n<link rel=\"canonical\" href=\"https:\/\/centrologopeda.com\/en\/frenillo-lingual-alterado-3\/\" \/>\n<meta property=\"og:locale\" content=\"en_US\" \/>\n<meta property=\"og:type\" content=\"article\" \/>\n<meta property=\"og:title\" content=\"Frenillo Lingual Alterado | Logopeda Granada\" \/>\n<meta property=\"og:description\" content=\"Servicios de apoyo para la afasia en Granada. Ayudamos a mejorar la comunicaci\u00f3n con terapias personalizadas\" \/>\n<meta property=\"og:url\" content=\"https:\/\/centrologopeda.com\/en\/frenillo-lingual-alterado-3\/\" \/>\n<meta property=\"og:site_name\" content=\"Logopeda Granada\" \/>\n<meta property=\"article:publisher\" content=\"https:\/\/www.facebook.com\/logopedasamuelgranada\/\" \/>\n<meta property=\"article:modified_time\" content=\"2026-03-12T12:29:40+00:00\" \/>\n<meta property=\"og:image\" content=\"https:\/\/centrologopeda.com\/wp-content\/uploads\/2023\/10\/Afasia.png\" \/>\n\t<meta property=\"og:image:width\" content=\"800\" \/>\n\t<meta property=\"og:image:height\" content=\"800\" \/>\n\t<meta property=\"og:image:type\" content=\"image\/png\" \/>\n<meta name=\"twitter:card\" content=\"summary_large_image\" \/>\n<meta name=\"twitter:label1\" content=\"Est. reading time\" \/>\n\t<meta name=\"twitter:data1\" content=\"3 minutes\" \/>\n<script type=\"application\/ld+json\" class=\"yoast-schema-graph\">{\"@context\":\"https:\/\/schema.org\",\"@graph\":[{\"@type\":\"WebPage\",\"@id\":\"https:\/\/centrologopeda.com\/frenillo-lingual-alterado-3\/\",\"url\":\"https:\/\/centrologopeda.com\/frenillo-lingual-alterado-3\/\",\"name\":\"Frenillo Lingual Alterado | Logopeda Granada\",\"isPartOf\":{\"@id\":\"https:\/\/centrologopeda.com\/#website\"},\"primaryImageOfPage\":{\"@id\":\"https:\/\/centrologopeda.com\/frenillo-lingual-alterado-3\/#primaryimage\"},\"image\":{\"@id\":\"https:\/\/centrologopeda.com\/frenillo-lingual-alterado-3\/#primaryimage\"},\"thumbnailUrl\":\"https:\/\/centrologopeda.com\/wp-content\/uploads\/2023\/10\/Afasia.png\",\"datePublished\":\"2026-03-12T11:17:04+00:00\",\"dateModified\":\"2026-03-12T12:29:40+00:00\",\"description\":\"Servicios de apoyo para la afasia en Granada. Ayudamos a mejorar la comunicaci\u00f3n con terapias personalizadas\",\"breadcrumb\":{\"@id\":\"https:\/\/centrologopeda.com\/frenillo-lingual-alterado-3\/#breadcrumb\"},\"inLanguage\":\"en-US\",\"potentialAction\":[{\"@type\":\"ReadAction\",\"target\":[\"https:\/\/centrologopeda.com\/frenillo-lingual-alterado-3\/\"]}]},{\"@type\":\"ImageObject\",\"inLanguage\":\"en-US\",\"@id\":\"https:\/\/centrologopeda.com\/frenillo-lingual-alterado-3\/#primaryimage\",\"url\":\"https:\/\/centrologopeda.com\/wp-content\/uploads\/2023\/10\/Afasia.png\",\"contentUrl\":\"https:\/\/centrologopeda.com\/wp-content\/uploads\/2023\/10\/Afasia.png\",\"width\":800,\"height\":800,\"caption\":\"Afasia Logopeda Granada\"},{\"@type\":\"BreadcrumbList\",\"@id\":\"https:\/\/centrologopeda.com\/frenillo-lingual-alterado-3\/#breadcrumb\",\"itemListElement\":[{\"@type\":\"ListItem\",\"position\":1,\"name\":\"Inicio\",\"item\":\"https:\/\/centrologopeda.com\/\"},{\"@type\":\"ListItem\",\"position\":2,\"name\":\"Frenillo Lingual Alterado\"}]},{\"@type\":\"WebSite\",\"@id\":\"https:\/\/centrologopeda.com\/#website\",\"url\":\"https:\/\/centrologopeda.com\/\",\"name\":\"Centro de Logopedia Infantil y Adultos\",\"description\":\"Centro de logopedia en Granada\",\"publisher\":{\"@id\":\"https:\/\/centrologopeda.com\/#organization\"},\"alternateName\":\"Logopeda Granada\",\"potentialAction\":[{\"@type\":\"SearchAction\",\"target\":{\"@type\":\"EntryPoint\",\"urlTemplate\":\"https:\/\/centrologopeda.com\/?s={search_term_string}\"},\"query-input\":{\"@type\":\"PropertyValueSpecification\",\"valueRequired\":true,\"valueName\":\"search_term_string\"}}],\"inLanguage\":\"en-US\"},{\"@type\":\"Organization\",\"@id\":\"https:\/\/centrologopeda.com\/#organization\",\"name\":\"Centro de Logopedia Infantil y Adultos\",\"alternateName\":\"Logopeda Granada\",\"url\":\"https:\/\/centrologopeda.com\/\",\"logo\":{\"@type\":\"ImageObject\",\"inLanguage\":\"en-US\",\"@id\":\"https:\/\/centrologopeda.com\/#\/schema\/logo\/image\/\",\"url\":\"https:\/\/centrologopeda.com\/wp-content\/uploads\/2023\/10\/Logotipo-1.jpg\",\"contentUrl\":\"https:\/\/centrologopeda.com\/wp-content\/uploads\/2023\/10\/Logotipo-1.jpg\",\"width\":1109,\"height\":687,\"caption\":\"Centro de Logopedia Infantil y Adultos\"},\"image\":{\"@id\":\"https:\/\/centrologopeda.com\/#\/schema\/logo\/image\/\"},\"sameAs\":[\"https:\/\/www.facebook.com\/logopedasamuelgranada\/\",\"https:\/\/www.instagram.com\/logopedagranada\/\",\"https:\/\/www.doctoralia.es\/samuel-roman-ortega\/logopeda\/granada\"]}]}<\/script>\n<!-- \/ Yoast SEO plugin. -->","yoast_head_json":{"title":"Frenillo Lingual Alterado | Logopeda Granada","description":"Servicios de apoyo para la afasia en Granada. Ayudamos a mejorar la comunicaci\u00f3n con terapias personalizadas","robots":{"index":"index","follow":"follow","max-snippet":"max-snippet:-1","max-image-preview":"max-image-preview:large","max-video-preview":"max-video-preview:-1"},"canonical":"https:\/\/centrologopeda.com\/en\/frenillo-lingual-alterado-3\/","og_locale":"en_US","og_type":"article","og_title":"Frenillo Lingual Alterado | Logopeda Granada","og_description":"Servicios de apoyo para la afasia en Granada. Ayudamos a mejorar la comunicaci\u00f3n con terapias personalizadas","og_url":"https:\/\/centrologopeda.com\/en\/frenillo-lingual-alterado-3\/","og_site_name":"Logopeda Granada","article_publisher":"https:\/\/www.facebook.com\/logopedasamuelgranada\/","article_modified_time":"2026-03-12T12:29:40+00:00","og_image":[{"width":800,"height":800,"url":"https:\/\/centrologopeda.com\/wp-content\/uploads\/2023\/10\/Afasia.png","type":"image\/png"}],"twitter_card":"summary_large_image","twitter_misc":{"Est. reading time":"3 minutes"},"schema":{"@context":"https:\/\/schema.org","@graph":[{"@type":"WebPage","@id":"https:\/\/centrologopeda.com\/frenillo-lingual-alterado-3\/","url":"https:\/\/centrologopeda.com\/frenillo-lingual-alterado-3\/","name":"Frenillo Lingual Alterado | Logopeda Granada","isPartOf":{"@id":"https:\/\/centrologopeda.com\/#website"},"primaryImageOfPage":{"@id":"https:\/\/centrologopeda.com\/frenillo-lingual-alterado-3\/#primaryimage"},"image":{"@id":"https:\/\/centrologopeda.com\/frenillo-lingual-alterado-3\/#primaryimage"},"thumbnailUrl":"https:\/\/centrologopeda.com\/wp-content\/uploads\/2023\/10\/Afasia.png","datePublished":"2026-03-12T11:17:04+00:00","dateModified":"2026-03-12T12:29:40+00:00","description":"Servicios de apoyo para la afasia en Granada. Ayudamos a mejorar la comunicaci\u00f3n con terapias personalizadas","breadcrumb":{"@id":"https:\/\/centrologopeda.com\/frenillo-lingual-alterado-3\/#breadcrumb"},"inLanguage":"en-US","potentialAction":[{"@type":"ReadAction","target":["https:\/\/centrologopeda.com\/frenillo-lingual-alterado-3\/"]}]},{"@type":"ImageObject","inLanguage":"en-US","@id":"https:\/\/centrologopeda.com\/frenillo-lingual-alterado-3\/#primaryimage","url":"https:\/\/centrologopeda.com\/wp-content\/uploads\/2023\/10\/Afasia.png","contentUrl":"https:\/\/centrologopeda.com\/wp-content\/uploads\/2023\/10\/Afasia.png","width":800,"height":800,"caption":"Afasia Logopeda Granada"},{"@type":"BreadcrumbList","@id":"https:\/\/centrologopeda.com\/frenillo-lingual-alterado-3\/#breadcrumb","itemListElement":[{"@type":"ListItem","position":1,"name":"Inicio","item":"https:\/\/centrologopeda.com\/"},{"@type":"ListItem","position":2,"name":"Frenillo Lingual Alterado"}]},{"@type":"WebSite","@id":"https:\/\/centrologopeda.com\/#website","url":"https:\/\/centrologopeda.com\/","name":"Speech Therapy Centre for Children and Adults","description":"Centro de logopedia en Granada","publisher":{"@id":"https:\/\/centrologopeda.com\/#organization"},"alternateName":"Logopeda Granada","potentialAction":[{"@type":"SearchAction","target":{"@type":"EntryPoint","urlTemplate":"https:\/\/centrologopeda.com\/?s={search_term_string}"},"query-input":{"@type":"PropertyValueSpecification","valueRequired":true,"valueName":"search_term_string"}}],"inLanguage":"en-US"},{"@type":"Organization","@id":"https:\/\/centrologopeda.com\/#organization","name":"Speech Therapy Centre for Children and Adults","alternateName":"Logopeda Granada","url":"https:\/\/centrologopeda.com\/","logo":{"@type":"ImageObject","inLanguage":"en-US","@id":"https:\/\/centrologopeda.com\/#\/schema\/logo\/image\/","url":"https:\/\/centrologopeda.com\/wp-content\/uploads\/2023\/10\/Logotipo-1.jpg","contentUrl":"https:\/\/centrologopeda.com\/wp-content\/uploads\/2023\/10\/Logotipo-1.jpg","width":1109,"height":687,"caption":"Centro de Logopedia Infantil y Adultos"},"image":{"@id":"https:\/\/centrologopeda.com\/#\/schema\/logo\/image\/"},"sameAs":["https:\/\/www.facebook.com\/logopedasamuelgranada\/","https:\/\/www.instagram.com\/logopedagranada\/","https:\/\/www.doctoralia.es\/samuel-roman-ortega\/logopeda\/granada"]}]}},"_links":{"self":[{"href":"https:\/\/centrologopeda.com\/en\/wp-json\/wp\/v2\/pages\/2961","targetHints":{"allow":["GET"]}}],"collection":[{"href":"https:\/\/centrologopeda.com\/en\/wp-json\/wp\/v2\/pages"}],"about":[{"href":"https:\/\/centrologopeda.com\/en\/wp-json\/wp\/v2\/types\/page"}],"author":[{"embeddable":true,"href":"https:\/\/centrologopeda.com\/en\/wp-json\/wp\/v2\/users\/1"}],"replies":[{"embeddable":true,"href":"https:\/\/centrologopeda.com\/en\/wp-json\/wp\/v2\/comments?post=2961"}],"version-history":[{"count":13,"href":"https:\/\/centrologopeda.com\/en\/wp-json\/wp\/v2\/pages\/2961\/revisions"}],"predecessor-version":[{"id":2974,"href":"https:\/\/centrologopeda.com\/en\/wp-json\/wp\/v2\/pages\/2961\/revisions\/2974"}],"wp:featuredmedia":[{"embeddable":true,"href":"https:\/\/centrologopeda.com\/en\/wp-json\/wp\/v2\/media\/1539"}],"wp:attachment":[{"href":"https:\/\/centrologopeda.com\/en\/wp-json\/wp\/v2\/media?parent=2961"}],"curies":[{"name":"wp","href":"https:\/\/api.w.org\/{rel}","templated":true}]}}